{"id":15063,"date":"2022-11-15T22:54:33","date_gmt":"2022-11-15T22:54:33","guid":{"rendered":"https:\/\/www.neuroloule.com\/sleep-studies\/"},"modified":"2023-08-13T10:09:22","modified_gmt":"2023-08-13T10:09:22","slug":"estudos-do-sono","status":"publish","type":"page","link":"https:\/\/www.neuroloule.com\/pt-pt\/estudos-do-sono\/","title":{"rendered":"Estudos do Sono"},"content":{"rendered":"\t\t<div data-elementor-type=\"wp-page\" data-elementor-id=\"15063\" class=\"elementor elementor-15063 elementor-13765\">\n\t\t\t\t\t\t\t\t\t<section class=\"elementor-section elementor-top-section elementor-element elementor-element-9605ded qodef-elementor-content-grid sub-page-header elementor-section-boxed elementor-section-height-default elementor-section-height-default\" data-id=\"9605ded\" data-element_type=\"section\" data-settings=\"{&quot;background_background&quot;:&quot;classic&quot;}\">\n\t\t\t\t\t\t\t<div class=\"elementor-background-overlay\"><\/div>\n\t\t\t\t\t\t\t<div class=\"elementor-container elementor-column-gap-no\">\n\t\t\t\t\t<div class=\"elementor-column elementor-col-100 elementor-top-column elementor-element elementor-element-03108a0\" data-id=\"03108a0\" data-element_type=\"column\">\n\t\t\t<div class=\"elementor-widget-wrap elementor-element-populated\">\n\t\t\t\t\t\t\t\t<div class=\"elementor-element elementor-element-a5585cc elementor-widget__width-auto elementor-widget-tablet__width-auto elementor-widget-mobile__width-auto custom_service_icon_small white elementor-widget elementor-widget-image\" data-id=\"a5585cc\" data-element_type=\"widget\" data-widget_type=\"image.default\">\n\t\t\t\t<div class=\"elementor-widget-container\">\n\t\t\t<style>\/*! elementor - v3.6.5 - 27-04-2022 *\/\n.elementor-widget-image{text-align:center}.elementor-widget-image a{display:inline-block}.elementor-widget-image a img[src$=\".svg\"]{width:48px}.elementor-widget-image img{vertical-align:middle;display:inline-block}<\/style>\t\t\t\t\t\t\t\t\t\t\t\t<img width=\"500\" height=\"500\" src=\"https:\/\/www.neuroloule.com\/wp-content\/uploads\/2022\/11\/icon_sleep3-R1.png\" class=\"attachment-full size-full\" alt=\"\" loading=\"lazy\" srcset=\"https:\/\/www.neuroloule.com\/wp-content\/uploads\/2022\/11\/icon_sleep3-R1.png 500w, https:\/\/www.neuroloule.com\/wp-content\/uploads\/2022\/11\/icon_sleep3-R1-300x300.png 300w, https:\/\/www.neuroloule.com\/wp-content\/uploads\/2022\/11\/icon_sleep3-R1-150x150.png 150w\" sizes=\"(max-width: 500px) 100vw, 500px\" \/>\t\t\t\t\t\t\t\t\t\t\t\t\t\t\t<\/div>\n\t\t\t\t<\/div>\n\t\t\t\t<div class=\"elementor-element elementor-element-6035d80 custom_article_title elementor-widget__width-auto elementor-widget-tablet__width-auto elementor-widget-mobile__width-auto elementor-widget elementor-widget-allsmiles_core_section_title\" data-id=\"6035d80\" data-element_type=\"widget\" data-widget_type=\"allsmiles_core_section_title.default\">\n\t\t\t\t<div class=\"elementor-widget-container\">\n\t\t\t<div class=\"qodef-shortcode qodef-m  qodef-section-title qodef-alignment--left \">\n\t\t<h5 class=\"qodef-m-subtitle\" style=\"margin-bottom: 7px;color: #F7F7F9\">\n\t\tPara um sono reparador\t<\/h5>\n\t\t<h1 class=\"qodef-m-title\" style=\"color: #F7F7F9\">\n\t\t\t\t\tConsulta do Sono\t\t\t<\/h1>\n\t<\/div>\n\t\t<\/div>\n\t\t\t\t<\/div>\n\t\t\t\t\t<\/div>\n\t\t<\/div>\n\t\t\t\t\t\t\t<\/div>\n\t\t<\/section>\n\t\t\t\t<section class=\"elementor-section elementor-top-section elementor-element elementor-element-0871cf5 qodef-elementor-content-grid elementor-section-content-middle custom_background_animation elementor-section-boxed elementor-section-height-default elementor-section-height-default\" data-id=\"0871cf5\" data-element_type=\"section\">\n\t\t\t\t\t\t\t<div class=\"elementor-background-overlay\"><\/div>\n\t\t\t\t\t\t\t<div class=\"elementor-container elementor-column-gap-no\">\n\t\t\t\t\t<div class=\"elementor-column elementor-col-50 elementor-top-column elementor-element elementor-element-5613604\" data-id=\"5613604\" data-element_type=\"column\">\n\t\t\t<div class=\"elementor-widget-wrap elementor-element-populated\">\n\t\t\t\t\t\t\t\t<div class=\"elementor-element elementor-element-e4b882a elementor-widget elementor-widget-allsmiles_core_section_title\" data-id=\"e4b882a\" data-element_type=\"widget\" data-widget_type=\"allsmiles_core_section_title.default\">\n\t\t\t\t<div class=\"elementor-widget-container\">\n\t\t\t<div class=\"qodef-shortcode qodef-m  qodef-section-title qodef-alignment--left \">\n\t\t\t<h5 class=\"qodef-m-title\" style=\"color: #030303\">\n\t\t\t\t\tProblemas de sono t\u00eam de modo geral um impacto significativo em diferentes aspectos da sa\u00fade individual, incluindo estado emocional, funcionamento cognitivo, n\u00edveis de energia e bem-estar geral. \t\t\t<\/h5>\n\t<\/div>\n\t\t<\/div>\n\t\t\t\t<\/div>\n\t\t\t\t<div class=\"elementor-element elementor-element-fd30dda custom_bullets elementor-widget elementor-widget-text-editor\" data-id=\"fd30dda\" data-element_type=\"widget\" data-widget_type=\"text-editor.default\">\n\t\t\t\t<div class=\"elementor-widget-container\">\n\t\t\t<style>\/*! elementor - v3.6.5 - 27-04-2022 *\/\n.elementor-widget-text-editor.elementor-drop-cap-view-stacked .elementor-drop-cap{background-color:#818a91;color:#fff}.elementor-widget-text-editor.elementor-drop-cap-view-framed .elementor-drop-cap{color:#818a91;border:3px solid;background-color:transparent}.elementor-widget-text-editor:not(.elementor-drop-cap-view-default) .elementor-drop-cap{margin-top:8px}.elementor-widget-text-editor:not(.elementor-drop-cap-view-default) .elementor-drop-cap-letter{width:1em;height:1em}.elementor-widget-text-editor .elementor-drop-cap{float:left;text-align:center;line-height:1;font-size:50px}.elementor-widget-text-editor .elementor-drop-cap-letter{display:inline-block}<\/style>\t\t\t\t<p>Com sintomas muitas vezes dif\u00edceis de identificar e tend\u00eancia para uma evolu\u00e7\u00e3o gradual ao longo do tempo, as perturba\u00e7\u00f5es do sono s\u00e3o relativamente pouco diagnosticadas.<\/p><p>A consulta do sono tem como objectivo identificar dist\u00farbios do sono, como por exemplo ins\u00f3nia, narcolepsia, apneia de sono ou paras\u00f3mnias, avaliar a qualidade e quantidade de sono, possibilitar uma interven\u00e7\u00e3o precoce, determinar qual o tratamento comprovadamente mais ben\u00e9fico e monitorizar os progressos realizados.<\/p><p>Os sinais de alerta s\u00e3o: Ins\u00f3nia, ressonar, dores de cabe\u00e7a, sensa\u00e7\u00e3o de desregula\u00e7\u00e3o de sonos, cansa\u00e7o, sonol\u00eancia diurna, dificuldade em cumprir hor\u00e1rios, fraco desempenho, problemas de concentra\u00e7\u00e3o e mem\u00f3ria, comer durante a noite, excesso de peso, irritabilidade, entre outros.<\/p><p>O diagn\u00f3stico exacto dos problemas de sono permite-nos fazer um aconselhamento espec\u00edfico para o tratamento, e, sempre que necess\u00e1rio, fazer a prescri\u00e7\u00e3o adequada, de modo a permitir um sono mais descansado e sobretudo uma melhor qualidade de vida no dia-a-dia.<\/p>\t\t\t\t\t\t<\/div>\n\t\t\t\t<\/div>\n\t\t\t\t<div class=\"elementor-element elementor-element-69e9233 custom_article_title elementor-widget elementor-widget-allsmiles_core_section_title\" data-id=\"69e9233\" data-element_type=\"widget\" data-widget_type=\"allsmiles_core_section_title.default\">\n\t\t\t\t<div class=\"elementor-widget-container\">\n\t\t\t<div class=\"qodef-shortcode qodef-m  qodef-section-title qodef-alignment--left \">\n\t\t\t<h3 class=\"qodef-m-title\" >\n\t\t\t\t\tS\u00e3o realizados:\t\t\t<\/h3>\n\t<\/div>\n\t\t<\/div>\n\t\t\t\t<\/div>\n\t\t\t\t<div class=\"elementor-element elementor-element-1a38153 custom_bullets elementor-widget elementor-widget-text-editor\" data-id=\"1a38153\" data-element_type=\"widget\" data-widget_type=\"text-editor.default\">\n\t\t\t\t<div class=\"elementor-widget-container\">\n\t\t\t\t\t\t\t<ul><li>Consulta de sono, com an\u00e1lise individual, cuidada e detalhada dos problemas de sono.<\/li><li>Exames de sono de n\u00edvel 2 (polissonografia em ambulat\u00f3rio) e n\u00edvel 3 (poligrafia cardio-respirat\u00f3ria). Em ambos os casos o paciente leva o aparelho para fazer o exame em casa.<\/li><li>Elabora\u00e7\u00e3o de plano terap\u00eautico individual e espac\u00edfico.<\/li><\/ul>\t\t\t\t\t\t<\/div>\n\t\t\t\t<\/div>\n\t\t\t\t<div class=\"elementor-element elementor-element-c174895 elementor-widget__width-auto elementor-widget elementor-widget-allsmiles_core_button\" data-id=\"c174895\" data-element_type=\"widget\" data-widget_type=\"allsmiles_core_button.default\">\n\t\t\t\t<div class=\"elementor-widget-container\">\n\t\t\t<a class=\"qodef-shortcode qodef-m  qodef-button qodef-layout--filled   qodef-html--link qodef-direction-animation\" href=\"\/pt-pt\/contactos\/\" target=\"_self\" data-hover-background-color=\"#941305\" style=\"background-color: #747D90\">\n\t<span class=\"qodef-m-text\">Contacte-nos<\/span>\n\t\t\t<span class=\"qodef-btn-background-holder\">\n\t        <span class=\"qodef-btn-background\"><\/span>\n\t    <\/span>\n\t<\/a>\n\t\t<\/div>\n\t\t\t\t<\/div>\n\t\t\t\t\t<\/div>\n\t\t<\/div>\n\t\t\t\t<div class=\"elementor-column elementor-col-50 elementor-top-column elementor-element elementor-element-89ff727 elementor-hidden-tablet elementor-hidden-mobile elementor-hidden-desktop\" data-id=\"89ff727\" data-element_type=\"column\">\n\t\t\t<div class=\"elementor-widget-wrap\">\n\t\t\t\t\t\t\t\t\t<\/div>\n\t\t<\/div>\n\t\t\t\t\t\t\t<\/div>\n\t\t<\/section>\n\t\t\t\t<section class=\"elementor-section elementor-top-section elementor-element elementor-element-d67332c qodef-elementor-content-grid elementor-section-content-middle custom_background_overlay elementor-section-boxed elementor-section-height-default elementor-section-height-default\" data-id=\"d67332c\" data-element_type=\"section\">\n\t\t\t\t\t\t\t<div class=\"elementor-background-overlay\"><\/div>\n\t\t\t\t\t\t\t<div class=\"elementor-container elementor-column-gap-no\">\n\t\t\t\t\t<div class=\"elementor-column elementor-col-50 elementor-top-column elementor-element elementor-element-f3b414b\" data-id=\"f3b414b\" data-element_type=\"column\">\n\t\t\t<div class=\"elementor-widget-wrap elementor-element-populated\">\n\t\t\t\t\t\t\t\t<div class=\"elementor-element elementor-element-afb496c elementor-widget__width-initial elementor-widget-tablet__width-initial elementor-widget-mobile__width-inherit custom_article_title elementor-widget elementor-widget-allsmiles_core_section_title\" data-id=\"afb496c\" data-element_type=\"widget\" data-widget_type=\"allsmiles_core_section_title.default\">\n\t\t\t\t<div class=\"elementor-widget-container\">\n\t\t\t<div class=\"qodef-shortcode qodef-m  qodef-section-title qodef-alignment--left \">\n\t\t<h5 class=\"qodef-m-subtitle\" style=\"margin-bottom: 7px\">\n\t\tExames\t<\/h5>\n\t\t<h2 class=\"qodef-m-title\" >\n\t\t\t\t\tExames do Sono\t\t\t<\/h2>\n\t<\/div>\n\t\t<\/div>\n\t\t\t\t<\/div>\n\t\t\t\t<div class=\"elementor-element elementor-element-a818241 custom_bullets custom_tabs elementor-widget__width-inherit elementor-widget-tablet__width-initial elementor-widget-mobile__width-inherit elementor-widget elementor-widget-allsmiles_core_tabs\" data-id=\"a818241\" data-element_type=\"widget\" data-widget_type=\"allsmiles_core_tabs.default\">\n\t\t\t\t<div class=\"elementor-widget-container\">\n\t\t\t<div class=\"qodef-shortcode qodef-m  qodef-tabs clear qodef-orientation--horizontal qodef-layout--simple\">\n\t<ul class=\"qodef-tabs-navigation\">\n\t\t\t\t\t<li>\n\t\t\t\t<a href=\"#qodef-tab-registo-poligrafico-do-sono-nivel-2\">Registo Poligr\u00e1fico do Sono n\u00edvel 2<\/a>\n\t\t\t<\/li>\n\t\t\t\t\t<li>\n\t\t\t\t<a href=\"#qodef-tab-registo-poligrafico-do-sono-nivel-3\">Registo Poligr\u00e1fico do Sono n\u00edvel 3<\/a>\n\t\t\t<\/li>\n\t\t\t<\/ul>\n\t<div class=\"qodef-tabs-content\" id=\"qodef-tab-registo-poligrafico-do-sono-nivel-2-611\">\n\t<h6 style=\"color: #030303;\">Polissonografia em Ambulat\u00f3rio<\/h6><p>A Polissonografia \u00e9 um exame que permite registar diversos par\u00e2metros do corpo enquanto dorme, com o objectivo de analisar o sono e identificar perturba\u00e7\u00f5es e doen\u00e7as associadas. <br \/>O registo (n\u00edvel 2) \u00e9 realizado em ambulat\u00f3rio (domic\u00edlio) e s\u00e3o monitorizadas a actividade cerebral, os movimentos do corpo, actividade muscular espec\u00edfica (pernas e queixo), actividade card\u00edaca e respirat\u00f3ria, entre outras.<\/p><p>\u00a0<\/p><p><strong>Prepara\u00e7\u00e3o:<\/strong><\/p><ul><li>Lave a cabe\u00e7a (cabelo) no dia do exame ou no dia anterior. Ap\u00f3s a lavagem n\u00e3o coloque nenhum produto (laca, gel, cera, espuma, \u2026).<\/li><li>No dia em que for colocar o aparelho leve roupa pr\u00e1tica e uma t-shirt ou camisola de pijama. \u00c9 importante que seja roupa com a qual possa ir para casa e dormir, pois depois de colocado o aparelho, inclusive cabos desde a cabe\u00e7a at\u00e9 ambas as pernas, j\u00e1 n\u00e3o poder\u00e1 mudar de vestu\u00e1rio (com excep\u00e7\u00e3o de cal\u00e7as largas, tipo fato de treino ou pijama, e algum casaco ou blus\u00e3o para usar no caminho).<\/li><\/ul><p>\u00a0<\/p><p><strong>Dura\u00e7\u00e3o:<\/strong><\/p><ul><li>Calcule 60 minutos ao final do dia para a coloca\u00e7\u00e3o do aparelho, que ir\u00e1 manter toda a noite, e depois na manh\u00e3 seguinte ter\u00e1 que se deslocar novamente para serem retirados todos os cabos e o aparelho.<\/li><\/ul><\/div>\n<div class=\"qodef-tabs-content\" id=\"qodef-tab-registo-poligrafico-do-sono-nivel-3-671\">\n\t<h6 style=\"color: #030303;\">Poligrafia c\u00e1rdio-respirat\u00f3ria do Sono<\/h6><p>\u00c9 um exame mais simples que tamb\u00e9m \u00e9 realizado no domic\u00edlio do doente e permite monitorizar o sono a n\u00edvel card\u00edaco e respirat\u00f3rio. \u00c9 o m\u00e9todo indicado quando se pretende apenas o despiste (ou diagn\u00f3stico) de Apneia do Sono, que \u00e9 uma das perturba\u00e7\u00f5es de sono mais frequentes. Para outros diagn\u00f3sticos \u00e9 necess\u00e1rio o exame mais completo de n\u00edvel 2.<br \/>O aparelho \u00e9 f\u00e1cil de colocar e a coloca\u00e7\u00e3o \u00e9 feita em casa pela pr\u00f3pria pessoa. A coloca\u00e7\u00e3o \u00e9 explicada quando levanta o aparelho. No dia seguinte pode retirar o aparelho em casa e pode, se necess\u00e1rio, ser outra pessoa a vir entregar.<\/p><p>\u00a0<\/p><p><strong>Prepara\u00e7\u00e3o:<\/strong><\/p><ul><li>Traga roupa pr\u00e1tica e confort\u00e1vel para poder aprender a colocar o aparelho.<\/li><\/ul><p>\u00a0<\/p><p><strong>Dura\u00e7\u00e3o:<\/strong><\/p><ul><li>Calcule 15-20 minutos.<\/li><\/ul><\/div>\n<\/div>\n\t\t<\/div>\n\t\t\t\t<\/div>\n\t\t\t\t<div class=\"elementor-element elementor-element-6f1c8e8 elementor-widget elementor-widget-qi_addons_for_elementor_separator\" data-id=\"6f1c8e8\" data-element_type=\"widget\" data-widget_type=\"qi_addons_for_elementor_separator.default\">\n\t\t\t\t<div class=\"elementor-widget-container\">\n\t\t\t<div class=\"qodef-shortcode qodef-m  qodef-qi-separator qodef-qi-clear qodef-separator--with-icon \">\n\t<div class=\"qodef-m-line\">\n\t\t<div class=\"qodef-m-inner-line\"><\/div>\n\t\t\t<span class=\"qodef-m-separator-icon\">\n\t\t<i aria-hidden=\"true\" class=\"fas fa-circle\"><\/i>\t<\/span>\n\t\t\t<div class=\"qodef-m-inner-line\"><\/div>\n\t<\/div>\n<\/div>\n\t\t<\/div>\n\t\t\t\t<\/div>\n\t\t\t\t<div class=\"elementor-element elementor-element-970dad7 elementor-widget elementor-widget-allsmiles_core_section_title\" data-id=\"970dad7\" data-element_type=\"widget\" data-widget_type=\"allsmiles_core_section_title.default\">\n\t\t\t\t<div class=\"elementor-widget-container\">\n\t\t\t<div class=\"qodef-shortcode qodef-m  qodef-section-title qodef-alignment--left \">\n\t\t\t<h5 class=\"qodef-m-title\" style=\"color: #030303\">\n\t\t\t\t\tRegras Gerais para a Prepara\u00e7\u00e3o para os Exames:\t\t\t<\/h5>\n\t<\/div>\n\t\t<\/div>\n\t\t\t\t<\/div>\n\t\t\t\t<div class=\"elementor-element elementor-element-f61f465 custom_bullets elementor-widget elementor-widget-text-editor\" data-id=\"f61f465\" data-element_type=\"widget\" data-widget_type=\"text-editor.default\">\n\t\t\t\t<div class=\"elementor-widget-container\">\n\t\t\t\t\t\t\t<ul><li>Fa\u00e7a a sua medica\u00e7\u00e3o habitual.<\/li><li>Fa\u00e7a as refei\u00e7\u00f5es e alimenta\u00e7\u00e3o habitual (n\u00e3o esteja em jejum; evite bebidas alco\u00f3licas e bebidas com cafe\u00edna no dia do exame).<\/li><li>Traga a sua credencial \/ prescri\u00e7\u00e3o m\u00e9dica, com a informa\u00e7\u00e3o cl\u00ednica.<\/li><li>Traga uma lista com o nome de todos os medicamentos que est\u00e1 a tomar.<\/li><\/ul>\t\t\t\t\t\t<\/div>\n\t\t\t\t<\/div>\n\t\t\t\t<div class=\"elementor-element elementor-element-6fbff50 elementor-widget__width-auto elementor-widget elementor-widget-allsmiles_core_button\" data-id=\"6fbff50\" data-element_type=\"widget\" data-widget_type=\"allsmiles_core_button.default\">\n\t\t\t\t<div class=\"elementor-widget-container\">\n\t\t\t<a class=\"qodef-shortcode qodef-m  qodef-button qodef-layout--filled   qodef-html--link qodef-direction-animation\" href=\"\/pt-pt\/contactos\/\" target=\"_self\" data-hover-background-color=\"#941305\" style=\"background-color: #747D90\">\n\t<span class=\"qodef-m-text\">reservar online<\/span>\n\t\t\t<span class=\"qodef-btn-background-holder\">\n\t        <span class=\"qodef-btn-background\"><\/span>\n\t    <\/span>\n\t<\/a>\n\t\t<\/div>\n\t\t\t\t<\/div>\n\t\t\t\t\t<\/div>\n\t\t<\/div>\n\t\t\t\t<div class=\"elementor-column elementor-col-50 elementor-top-column elementor-element elementor-element-40ff528 elementor-hidden-desktop elementor-hidden-tablet elementor-hidden-mobile\" data-id=\"40ff528\" data-element_type=\"column\">\n\t\t\t<div class=\"elementor-widget-wrap\">\n\t\t\t\t\t\t\t\t\t<\/div>\n\t\t<\/div>\n\t\t\t\t\t\t\t<\/div>\n\t\t<\/section>\n\t\t\t\t<section class=\"elementor-section elementor-top-section elementor-element elementor-element-7bea4c5 qodef-elementor-content-grid elementor-section-content-middle custom_background_overlay elementor-section-boxed elementor-section-height-default elementor-section-height-default\" data-id=\"7bea4c5\" data-element_type=\"section\" data-settings=\"{&quot;background_background&quot;:&quot;classic&quot;}\">\n\t\t\t\t\t\t<div class=\"elementor-container elementor-column-gap-no\">\n\t\t\t\t\t<div class=\"elementor-column elementor-col-50 elementor-top-column elementor-element elementor-element-bdd32cc\" data-id=\"bdd32cc\" data-element_type=\"column\">\n\t\t\t<div class=\"elementor-widget-wrap elementor-element-populated\">\n\t\t\t\t\t\t\t\t<div class=\"elementor-element elementor-element-a0a8419 custom_article_title elementor-widget elementor-widget-allsmiles_core_section_title\" data-id=\"a0a8419\" data-element_type=\"widget\" data-widget_type=\"allsmiles_core_section_title.default\">\n\t\t\t\t<div class=\"elementor-widget-container\">\n\t\t\t<div class=\"qodef-shortcode qodef-m  qodef-section-title qodef-alignment--left \">\n\t\t\t<h3 class=\"qodef-m-title\" >\n\t\t\t\t\tQUEST\u00d5ES FREQUENTES:\t\t\t<\/h3>\n\t<\/div>\n\t\t<\/div>\n\t\t\t\t<\/div>\n\t\t\t\t<div class=\"elementor-element elementor-element-46b0c0a elementor-widget-mobile__width-inherit elementor-widget-tablet__width-initial open_accordion elementor-widget elementor-widget-allsmiles_core_accordion\" data-id=\"46b0c0a\" data-element_type=\"widget\" data-widget_type=\"allsmiles_core_accordion.default\">\n\t\t\t\t<div class=\"elementor-widget-container\">\n\t\t\t<div class=\"qodef-shortcode qodef-m custom_accordion custom_bullets qodef-accordion clear qodef-behavior--accordion qodef-layout--simple\">\n\t<h5 class=\"qodef-accordion-title\">\n\t<span class=\"qodef-tab-title\">Como sei se preciso de um exame de sono?<\/span>\n\t<span class=\"qodef-accordion-mark\">\n\t\t<span class=\"qodef-icon--plus\"><svg  xmlns=\"http:\/\/www.w3.org\/2000\/svg\" xmlns:xlink=\"http:\/\/www.w3.org\/1999\/xlink\" viewBox=\"0 0 9 5.23\"><polygon points=\"0.73 0 4.5 3.77 8.27 0 9 0.73 4.5 5.23 0 0.73 0.73 0\"\/><\/svg><\/span>\n\t\t<span class=\"qodef-icon--minus\"><svg  xmlns=\"http:\/\/www.w3.org\/2000\/svg\" xmlns:xlink=\"http:\/\/www.w3.org\/1999\/xlink\" viewBox=\"0 0 9 5.23\"><polygon points=\"0.73 0 4.5 3.77 8.27 0 9 0.73 4.5 5.23 0 0.73 0.73 0\"\/><\/svg><\/span>\n\t<\/span>\n<\/h5>\n<div class=\"qodef-accordion-content\">\n\t<div class=\"qodef-accordion-content-inner\">\n\t\t<p>Os sintomas mais frequentes s\u00e3o sonol\u00eancia diurna, cansa\u00e7o, ins\u00f3nia, baixo rendimento, problemas de concentra\u00e7\u00e3o e mem\u00f3ria, ressonar. Estes sintomas n\u00e3o s\u00e3o espec\u00edficos, mas quantos mais tiver mais prov\u00e1vel \u00e9 uma perturba\u00e7\u00e3o do sono.<\/p>\t<\/div>\n<\/div>\n<h5 class=\"qodef-accordion-title\">\n\t<span class=\"qodef-tab-title\">Quais as vantagens de realizar um exame de sono?<\/span>\n\t<span class=\"qodef-accordion-mark\">\n\t\t<span class=\"qodef-icon--plus\"><svg  xmlns=\"http:\/\/www.w3.org\/2000\/svg\" xmlns:xlink=\"http:\/\/www.w3.org\/1999\/xlink\" viewBox=\"0 0 9 5.23\"><polygon points=\"0.73 0 4.5 3.77 8.27 0 9 0.73 4.5 5.23 0 0.73 0.73 0\"\/><\/svg><\/span>\n\t\t<span class=\"qodef-icon--minus\"><svg  xmlns=\"http:\/\/www.w3.org\/2000\/svg\" xmlns:xlink=\"http:\/\/www.w3.org\/1999\/xlink\" viewBox=\"0 0 9 5.23\"><polygon points=\"0.73 0 4.5 3.77 8.27 0 9 0.73 4.5 5.23 0 0.73 0.73 0\"\/><\/svg><\/span>\n\t<\/span>\n<\/h5>\n<div class=\"qodef-accordion-content\">\n\t<div class=\"qodef-accordion-content-inner\">\n\t\t<p>O exame de sono permite um melhor diagn\u00f3stico de uma poss\u00edvel perturba\u00e7\u00e3o do sono, assim como um tratamento mais espec\u00edfico,<\/p>\t<\/div>\n<\/div>\n<h5 class=\"qodef-accordion-title\">\n\t<span class=\"qodef-tab-title\">Quanto tempo demora o exame de sono?<\/span>\n\t<span class=\"qodef-accordion-mark\">\n\t\t<span class=\"qodef-icon--plus\"><svg  xmlns=\"http:\/\/www.w3.org\/2000\/svg\" xmlns:xlink=\"http:\/\/www.w3.org\/1999\/xlink\" viewBox=\"0 0 9 5.23\"><polygon points=\"0.73 0 4.5 3.77 8.27 0 9 0.73 4.5 5.23 0 0.73 0.73 0\"\/><\/svg><\/span>\n\t\t<span class=\"qodef-icon--minus\"><svg  xmlns=\"http:\/\/www.w3.org\/2000\/svg\" xmlns:xlink=\"http:\/\/www.w3.org\/1999\/xlink\" viewBox=\"0 0 9 5.23\"><polygon points=\"0.73 0 4.5 3.77 8.27 0 9 0.73 4.5 5.23 0 0.73 0.73 0\"\/><\/svg><\/span>\n\t<\/span>\n<\/h5>\n<div class=\"qodef-accordion-content\">\n\t<div class=\"qodef-accordion-content-inner\">\n\t\t<p>Normalmente o exame de sono tem a dura\u00e7\u00e3o de uma noite. Em casos excepcionais (noite agitada, ansiedade, ins\u00f3nia fora do normal, el\u00e9ctrodos importantes que se desligaram, etc) poder\u00e1 ser realizada mais uma noite. <\/p>\t<\/div>\n<\/div>\n<h5 class=\"qodef-accordion-title\">\n\t<span class=\"qodef-tab-title\">O exame de sono \u00e9 realizado onde?<\/span>\n\t<span class=\"qodef-accordion-mark\">\n\t\t<span class=\"qodef-icon--plus\"><svg  xmlns=\"http:\/\/www.w3.org\/2000\/svg\" xmlns:xlink=\"http:\/\/www.w3.org\/1999\/xlink\" viewBox=\"0 0 9 5.23\"><polygon points=\"0.73 0 4.5 3.77 8.27 0 9 0.73 4.5 5.23 0 0.73 0.73 0\"\/><\/svg><\/span>\n\t\t<span class=\"qodef-icon--minus\"><svg  xmlns=\"http:\/\/www.w3.org\/2000\/svg\" xmlns:xlink=\"http:\/\/www.w3.org\/1999\/xlink\" viewBox=\"0 0 9 5.23\"><polygon points=\"0.73 0 4.5 3.77 8.27 0 9 0.73 4.5 5.23 0 0.73 0.73 0\"\/><\/svg><\/span>\n\t<\/span>\n<\/h5>\n<div class=\"qodef-accordion-content\">\n\t<div class=\"qodef-accordion-content-inner\">\n\t\t<p>O exame de sono \u00e9 realizado na pr\u00f3pria casa do paciente, que pode assim dormir no conforto da sua pr\u00f3pria cama. O aparelho \u00e9 colocado na cl\u00ednica ou entregue ao doente, que o leva consigo e realiza o exame em casa.<\/p>\t<\/div>\n<\/div>\n<h5 class=\"qodef-accordion-title\">\n\t<span class=\"qodef-tab-title\">Se eu iniciar um tratamento, quanto tempo tenho que esperar para ter resultados?<\/span>\n\t<span class=\"qodef-accordion-mark\">\n\t\t<span class=\"qodef-icon--plus\"><svg  xmlns=\"http:\/\/www.w3.org\/2000\/svg\" xmlns:xlink=\"http:\/\/www.w3.org\/1999\/xlink\" viewBox=\"0 0 9 5.23\"><polygon points=\"0.73 0 4.5 3.77 8.27 0 9 0.73 4.5 5.23 0 0.73 0.73 0\"\/><\/svg><\/span>\n\t\t<span class=\"qodef-icon--minus\"><svg  xmlns=\"http:\/\/www.w3.org\/2000\/svg\" xmlns:xlink=\"http:\/\/www.w3.org\/1999\/xlink\" viewBox=\"0 0 9 5.23\"><polygon points=\"0.73 0 4.5 3.77 8.27 0 9 0.73 4.5 5.23 0 0.73 0.73 0\"\/><\/svg><\/span>\n\t<\/span>\n<\/h5>\n<div class=\"qodef-accordion-content\">\n\t<div class=\"qodef-accordion-content-inner\">\n\t\t<p>Modo geral os resultados s\u00e3o r\u00e1pidos. Dependendo do tratamento e da resposta individual ao mesmo, deveria sentir resultados j\u00e1 ap\u00f3s 1-2 semanas.<\/p>\t<\/div>\n<\/div>\n<\/div>\n\t\t<\/div>\n\t\t\t\t<\/div>\n\t\t\t\t\t<\/div>\n\t\t<\/div>\n\t\t\t\t<div class=\"elementor-column elementor-col-50 elementor-top-column elementor-element elementor-element-5f95061 elementor-hidden-tablet elementor-hidden-mobile elementor-hidden-desktop\" data-id=\"5f95061\" data-element_type=\"column\">\n\t\t\t<div class=\"elementor-widget-wrap\">\n\t\t\t\t\t\t\t\t\t<\/div>\n\t\t<\/div>\n\t\t\t\t\t\t\t<\/div>\n\t\t<\/section>\n\t\t\t\t<section class=\"elementor-section elementor-top-section elementor-element elementor-element-f1e8a50 qodef-elementor-content-grid elementor-section-boxed elementor-section-height-default elementor-section-height-default\" data-id=\"f1e8a50\" data-element_type=\"section\" data-settings=\"{&quot;background_background&quot;:&quot;classic&quot;}\">\n\t\t\t\t\t\t<div class=\"elementor-container elementor-column-gap-no\">\n\t\t\t\t\t<div class=\"elementor-column elementor-col-100 elementor-top-column elementor-element elementor-element-2927c52\" data-id=\"2927c52\" data-element_type=\"column\">\n\t\t\t<div class=\"elementor-widget-wrap elementor-element-populated\">\n\t\t\t\t\t\t\t\t<div class=\"elementor-element elementor-element-bb57499 elementor-widget elementor-widget-allsmiles_core_call_to_action\" data-id=\"bb57499\" data-element_type=\"widget\" data-widget_type=\"allsmiles_core_call_to_action.default\">\n\t\t\t\t<div class=\"elementor-widget-container\">\n\t\t\t<div class=\"qodef-shortcode qodef-m  qodef-call-to-action qodef-layout--standard qodef-style--stretched\">\n\t<div class=\"qodef-m-inner\">\n\t\t\t<div class=\"qodef-m-content\"><h4 style=\"color: #030303;\">Marque a sua <span style=\"color: #941305;\">Consulta<\/span> online<\/h4>\n<h6 class=\"qodef-cta-aditional\" style=\"color: #fff; margin-top: -7px;\">NeuroLoul\u00e9 - Prestando Cuidados de Sa\u00fade de Excel\u00eancia no Algarve desde 2003.<\/h6><\/div>\n\t\t\t<div class=\"qodef-m-button\">\n\t\t<a class=\"qodef-shortcode qodef-m  qodef-button qodef-layout--filled   qodef-html--link qodef-direction-animation\" href=\"\/pt-pt\/contactos\/\" target=\"_self\" data-hover-color=\"#FFFFFF\" data-hover-background-color=\"#941305\" style=\"color: #747D90;background-color: #FFFFFF\">\t<span class=\"qodef-m-text\">Marca\u00e7\u00e2o de Consultas<\/span>\t\t\t<span class=\"qodef-btn-background-holder\">\t        <span class=\"qodef-btn-background\"><\/span>\t    <\/span>\t<\/a>\t<\/div>\n\t<\/div>\n<\/div>\n\t\t<\/div>\n\t\t\t\t<\/div>\n\t\t\t\t\t<\/div>\n\t\t<\/div>\n\t\t\t\t\t\t\t<\/div>\n\t\t<\/section>\n\t\t\t\t\t\t\t<\/div>\n\t\t","protected":false},"excerpt":{"rendered":"<p>Para um sono reparador Consulta do Sono Problemas de sono t\u00eam de modo geral um impacto significativo em diferentes aspectos da sa\u00fade individual, incluindo estado emocional, funcionamento cognitivo, n\u00edveis de energia e bem-estar geral. Com sintomas muitas vezes dif\u00edceis de identificar e tend\u00eancia para uma evolu\u00e7\u00e3o gradual ao longo do tempo, as perturba\u00e7\u00f5es do sono [&hellip;]<\/p>\n","protected":false},"author":2,"featured_media":10323,"parent":0,"menu_order":0,"comment_status":"closed","ping_status":"closed","template":"page-full-width.php","meta":[],"yoast_head":"<!-- This site is optimized with the Yoast SEO plugin v17.0 - https:\/\/yoast.com\/wordpress\/plugins\/seo\/ -->\n<title>Consulta do sono no Algarve - Neuroloul\u00e9<\/title>\n<meta name=\"description\" content=\"Dormir \u00e9 essencial para ter uma boa qualidade de vida. Os nossos especialistas v\u00e3o ajud\u00e1-lo a melhorar a qualidade do seu sono. Marque j\u00e1 a sua consulta!\" \/>\n<meta name=\"robots\" content=\"index, follow, max-snippet:-1, max-image-preview:large, max-video-preview:-1\" \/>\n<link rel=\"canonical\" href=\"https:\/\/www.neuroloule.com\/pt-pt\/estudos-do-sono\/\" \/>\n<meta property=\"og:locale\" content=\"pt_PT\" \/>\n<meta property=\"og:type\" content=\"article\" \/>\n<meta property=\"og:title\" content=\"Consulta do sono no Algarve - Neuroloul\u00e9\" \/>\n<meta property=\"og:description\" content=\"Dormir \u00e9 essencial para ter uma boa qualidade de vida. Os nossos especialistas v\u00e3o ajud\u00e1-lo a melhorar a qualidade do seu sono. Marque j\u00e1 a sua consulta!\" \/>\n<meta property=\"og:url\" content=\"https:\/\/www.neuroloule.com\/pt-pt\/estudos-do-sono\/\" \/>\n<meta property=\"og:site_name\" content=\"NeuroLoul\u00e9\" \/>\n<meta property=\"article:modified_time\" content=\"2023-08-13T10:09:22+00:00\" \/>\n<meta property=\"og:image\" content=\"https:\/\/www.neuroloule.com\/wp-content\/uploads\/2022\/06\/Neuroloule-logo-white_thumbnail_v3.png\" \/>\n\t<meta property=\"og:image:width\" content=\"350\" \/>\n\t<meta property=\"og:image:height\" content=\"300\" \/>\n<meta name=\"twitter:card\" content=\"summary_large_image\" \/>\n<meta name=\"twitter:label1\" content=\"Est. reading time\" \/>\n\t<meta name=\"twitter:data1\" content=\"4 minutos\" \/>\n<script type=\"application\/ld+json\" class=\"yoast-schema-graph\">{\"@context\":\"https:\/\/schema.org\",\"@graph\":[{\"@type\":\"WebSite\",\"@id\":\"https:\/\/www.neuroloule.com\/#website\",\"url\":\"https:\/\/www.neuroloule.com\/\",\"name\":\"NeuroLoul\\u00e9\",\"description\":\"Servi\\u00e7os M\\u00e9dicos, LDA\",\"potentialAction\":[{\"@type\":\"SearchAction\",\"target\":{\"@type\":\"EntryPoint\",\"urlTemplate\":\"https:\/\/www.neuroloule.com\/?s={search_term_string}\"},\"query-input\":\"required name=search_term_string\"}],\"inLanguage\":\"pt-PT\"},{\"@type\":\"ImageObject\",\"@id\":\"https:\/\/www.neuroloule.com\/pt-pt\/estudos-do-sono\/#primaryimage\",\"inLanguage\":\"pt-PT\",\"url\":\"https:\/\/www.neuroloule.com\/wp-content\/uploads\/2022\/06\/Neuroloule-logo-white_thumbnail_v3.png\",\"contentUrl\":\"https:\/\/www.neuroloule.com\/wp-content\/uploads\/2022\/06\/Neuroloule-logo-white_thumbnail_v3.png\",\"width\":350,\"height\":300},{\"@type\":\"WebPage\",\"@id\":\"https:\/\/www.neuroloule.com\/pt-pt\/estudos-do-sono\/#webpage\",\"url\":\"https:\/\/www.neuroloule.com\/pt-pt\/estudos-do-sono\/\",\"name\":\"Consulta do sono no Algarve - Neuroloul\\u00e9\",\"isPartOf\":{\"@id\":\"https:\/\/www.neuroloule.com\/#website\"},\"primaryImageOfPage\":{\"@id\":\"https:\/\/www.neuroloule.com\/pt-pt\/estudos-do-sono\/#primaryimage\"},\"datePublished\":\"2022-11-15T22:54:33+00:00\",\"dateModified\":\"2023-08-13T10:09:22+00:00\",\"description\":\"Dormir \\u00e9 essencial para ter uma boa qualidade de vida. Os nossos especialistas v\\u00e3o ajud\\u00e1-lo a melhorar a qualidade do seu sono. Marque j\\u00e1 a sua consulta!\",\"breadcrumb\":{\"@id\":\"https:\/\/www.neuroloule.com\/pt-pt\/estudos-do-sono\/#breadcrumb\"},\"inLanguage\":\"pt-PT\",\"potentialAction\":[{\"@type\":\"ReadAction\",\"target\":[\"https:\/\/www.neuroloule.com\/pt-pt\/estudos-do-sono\/\"]}]},{\"@type\":\"BreadcrumbList\",\"@id\":\"https:\/\/www.neuroloule.com\/pt-pt\/estudos-do-sono\/#breadcrumb\",\"itemListElement\":[{\"@type\":\"ListItem\",\"position\":1,\"name\":\"Home\",\"item\":\"https:\/\/www.neuroloule.com\/pt-pt\/\"},{\"@type\":\"ListItem\",\"position\":2,\"name\":\"Estudos do Sono\"}]}]}<\/script>\n<!-- \/ Yoast SEO plugin. -->","yoast_head_json":{"title":"Consulta do sono no Algarve - Neuroloul\u00e9","description":"Dormir \u00e9 essencial para ter uma boa qualidade de vida. Os nossos especialistas v\u00e3o ajud\u00e1-lo a melhorar a qualidade do seu sono. Marque j\u00e1 a sua consulta!","robots":{"index":"index","follow":"follow","max-snippet":"max-snippet:-1","max-image-preview":"max-image-preview:large","max-video-preview":"max-video-preview:-1"},"canonical":"https:\/\/www.neuroloule.com\/pt-pt\/estudos-do-sono\/","og_locale":"pt_PT","og_type":"article","og_title":"Consulta do sono no Algarve - Neuroloul\u00e9","og_description":"Dormir \u00e9 essencial para ter uma boa qualidade de vida. Os nossos especialistas v\u00e3o ajud\u00e1-lo a melhorar a qualidade do seu sono. Marque j\u00e1 a sua consulta!","og_url":"https:\/\/www.neuroloule.com\/pt-pt\/estudos-do-sono\/","og_site_name":"NeuroLoul\u00e9","article_modified_time":"2023-08-13T10:09:22+00:00","og_image":[{"width":350,"height":300,"url":"https:\/\/www.neuroloule.com\/wp-content\/uploads\/2022\/06\/Neuroloule-logo-white_thumbnail_v3.png","path":"\/home1\/neuroloule\/staging\/wp-content\/uploads\/2022\/06\/Neuroloule-logo-white_thumbnail_v3.png","size":"full","id":10323,"alt":"","pixels":105000,"type":"image\/png"}],"twitter_card":"summary_large_image","twitter_misc":{"Est. reading time":"4 minutos"},"schema":{"@context":"https:\/\/schema.org","@graph":[{"@type":"WebSite","@id":"https:\/\/www.neuroloule.com\/#website","url":"https:\/\/www.neuroloule.com\/","name":"NeuroLoul\u00e9","description":"Servi\u00e7os M\u00e9dicos, LDA","potentialAction":[{"@type":"SearchAction","target":{"@type":"EntryPoint","urlTemplate":"https:\/\/www.neuroloule.com\/?s={search_term_string}"},"query-input":"required name=search_term_string"}],"inLanguage":"pt-PT"},{"@type":"ImageObject","@id":"https:\/\/www.neuroloule.com\/pt-pt\/estudos-do-sono\/#primaryimage","inLanguage":"pt-PT","url":"https:\/\/www.neuroloule.com\/wp-content\/uploads\/2022\/06\/Neuroloule-logo-white_thumbnail_v3.png","contentUrl":"https:\/\/www.neuroloule.com\/wp-content\/uploads\/2022\/06\/Neuroloule-logo-white_thumbnail_v3.png","width":350,"height":300},{"@type":"WebPage","@id":"https:\/\/www.neuroloule.com\/pt-pt\/estudos-do-sono\/#webpage","url":"https:\/\/www.neuroloule.com\/pt-pt\/estudos-do-sono\/","name":"Consulta do sono no Algarve - Neuroloul\u00e9","isPartOf":{"@id":"https:\/\/www.neuroloule.com\/#website"},"primaryImageOfPage":{"@id":"https:\/\/www.neuroloule.com\/pt-pt\/estudos-do-sono\/#primaryimage"},"datePublished":"2022-11-15T22:54:33+00:00","dateModified":"2023-08-13T10:09:22+00:00","description":"Dormir \u00e9 essencial para ter uma boa qualidade de vida. Os nossos especialistas v\u00e3o ajud\u00e1-lo a melhorar a qualidade do seu sono. Marque j\u00e1 a sua consulta!","breadcrumb":{"@id":"https:\/\/www.neuroloule.com\/pt-pt\/estudos-do-sono\/#breadcrumb"},"inLanguage":"pt-PT","potentialAction":[{"@type":"ReadAction","target":["https:\/\/www.neuroloule.com\/pt-pt\/estudos-do-sono\/"]}]},{"@type":"BreadcrumbList","@id":"https:\/\/www.neuroloule.com\/pt-pt\/estudos-do-sono\/#breadcrumb","itemListElement":[{"@type":"ListItem","position":1,"name":"Home","item":"https:\/\/www.neuroloule.com\/pt-pt\/"},{"@type":"ListItem","position":2,"name":"Estudos do Sono"}]}]}},"_links":{"self":[{"href":"https:\/\/www.neuroloule.com\/pt-pt\/wp-json\/wp\/v2\/pages\/15063"}],"collection":[{"href":"https:\/\/www.neuroloule.com\/pt-pt\/wp-json\/wp\/v2\/pages"}],"about":[{"href":"https:\/\/www.neuroloule.com\/pt-pt\/wp-json\/wp\/v2\/types\/page"}],"author":[{"embeddable":true,"href":"https:\/\/www.neuroloule.com\/pt-pt\/wp-json\/wp\/v2\/users\/2"}],"replies":[{"embeddable":true,"href":"https:\/\/www.neuroloule.com\/pt-pt\/wp-json\/wp\/v2\/comments?post=15063"}],"version-history":[{"count":20,"href":"https:\/\/www.neuroloule.com\/pt-pt\/wp-json\/wp\/v2\/pages\/15063\/revisions"}],"predecessor-version":[{"id":18981,"href":"https:\/\/www.neuroloule.com\/pt-pt\/wp-json\/wp\/v2\/pages\/15063\/revisions\/18981"}],"wp:featuredmedia":[{"embeddable":true,"href":"https:\/\/www.neuroloule.com\/pt-pt\/wp-json\/wp\/v2\/media\/10323"}],"wp:attachment":[{"href":"https:\/\/www.neuroloule.com\/pt-pt\/wp-json\/wp\/v2\/media?parent=15063"}],"curies":[{"name":"wp","href":"https:\/\/api.w.org\/{rel}","templated":true}]}}